{"id":103988,"date":"2023-01-16T20:36:10","date_gmt":"2023-01-16T19:36:10","guid":{"rendered":"https:\/\/trzynasty.pl\/?page_id=103988"},"modified":"2023-01-17T11:04:31","modified_gmt":"2023-01-17T10:04:31","slug":"wycieczka-kieleckich-kadetow-do-warszawy","status":"publish","type":"page","link":"https:\/\/trzynasty.pl\/index.php\/wycieczka-kieleckich-kadetow-do-warszawy\/","title":{"rendered":"WYCIECZKA KIELECKICH KADET\u00d3W DO WARSZAWY"},"content":{"rendered":"<p>[vc_row][vc_column][vc_column_text uncode_shortcode_id=&#8221;391259&#8243;]Wycieczka do Muzeum Powstania Warszawskiego odby\u0142a si\u0119 w dniu 6 czerwca 2022 r. W wycieczce opr\u00f3cz uczestnik\u00f3w projektu wzi\u0119li r\u00f3wnie\u017c udzia\u0142 starsi sta\u017cem cz\u0142onkowie Kieleckiego Szwadronu Kawalerii. Zwiedzanie muzeum Powstania Warszawskiego odby\u0142o si\u0119 z wykwalifikowanym przewodnikiem. Zwiedzanie muzeum rozpocz\u0119li\u015bmy od obejrzenia film\u00f3w dokumentalnych z czas\u00f3w Powstania Warszawskiego po kt\u00f3rych nast\u0119pnie udali\u015bmy si\u0119 do kolejnych sal wystawowych.\u00a0 Szczeg\u00f3lne zainteresowanie w\u015br\u00f3d kadet\u00f3w wzbudzi\u0142a\u00a0 bro\u0144 u\u017cywana podczas Powstania Warszawskiego, kt\u00f3r\u0105 mieli okazj\u0119 obejrze\u0107 i sprawdzi\u0107\u00a0 techniki jej dzia\u0142ania. Ciekawym prze\u017cyciem by\u0142o przej\u015bcie przez imitacj\u0119 podziemnych kana\u0142\u00f3w. Po zwiedzeniu muzeum kadeci wzi\u0119li udzia\u0142 w warsztatach historycznych\u00a0 zorganizowanych przez koordynator\u00f3w projektu podczas kt\u00f3rych wykazali si\u0119 zdobyt\u0105 wcze\u015bniej wiedz\u0105. Mo\u017cna jednoznacznie stwierdzi\u0107, \u017ce po zwiedzenie Muzeum Powstania Warszawskiego uczestnicy wycieczki dowiedzieli co spowodowa\u0142o wydanie rozkazu, kt\u00f3ry zaowocowa\u0142 zniszczeniem stolicy i \u015bmierci\u0105 oko\u0142o 200 000 ludzi. Prze\u015bledzili przebieg walk i bestialstwa niemieckiego okupanta. Poznali bli\u017cej samych powsta\u0144c\u00f3w, kt\u00f3rzy z tak wielkim po\u015bwi\u0119ceniem walczyli o woln\u0105 Warszaw\u0119. Wiedz\u0119 zdobyt\u0105 podczas zwiedzania muzeum Kadeci z pewno\u015bci\u0105 wykorzystaj\u0105 podczas zaj\u0119\u0107 lekcyjnych w swoich szko\u0142ach oraz w \u017cyciu osobistym.<\/p>\n<p>Po zwiedzeniu Muzeum Powstania Warszawskiego na zaproszenie Pos\u0142a RP Pana Krzysztofa Lipca udali\u015bmy si\u0119 na wycieczk\u0119 do Sejmu RP. W trakcie wycieczki kadeci wys\u0142uchali wyk\u0142adu na temat historii polskiego parlamentaryzmu oraz poznali jego dzieje wsp\u00f3\u0142czesne. Pani przewodnik w niezwykle ciekawy spos\u00f3b opowiedzia\u0142a o pracy pos\u0142a oraz oprowadzi\u0142a po gmachu Sejmu. Kadeci mieli okazj\u0119 zasi\u0105\u015b\u0107 w \u0142awach Sali Posiedze\u0144, odwiedzili Senat, a tak\u017ce Hol G\u0142\u00f3wny, na kt\u00f3rym znajduje si\u0119 tablica upami\u0119tniaj\u0105ca pos\u0142\u00f3w II Rzeczpospolitej poleg\u0142ych w czasie II wojny \u015bwiatowej oraz tablica upami\u0119tniaj\u0105ca ofiary Katastrofy Smole\u0144skiej.<\/p>\n<p>Po wizycie w Sejmie udali\u015bmy si\u0119 pod Gr\u00f3b Nieznanego \u017bo\u0142nierza pod kt\u00f3rym zosta\u0142 odczytamy uroczysty rozkaz po odczytaniu kt\u00f3rego delegacja z\u0142o\u017cy\u0142a okoliczno\u015bciowy wieniec.[\/vc_column_text][vc_gallery el_id=&#8221;gallery-188905&#8243; medias=&#8221;104041,104042,104043,104044,104045,104046,104047,104048,104049,104050,104051,104052,104053,104054,104055,104056,104057,104058,104059,104060,104061,104062,104063,104064,104065,104066,104067,104068,104069,104070,104071,104072,104073,104074,104075,104076,104077,104078,104079,104080,104081,104082,104083,104084,104085,104086,104087&#8243; gutter_size=&#8221;3&#8243; screen_lg=&#8221;1000&#8243; screen_md=&#8221;600&#8243; screen_sm=&#8221;480&#8243; single_overlay_opacity=&#8221;50&#8243; single_padding=&#8221;2&#8243; uncode_shortcode_id=&#8221;914318&#8243;][\/vc_column][\/vc_row]<\/p>\n","protected":false},"excerpt":{"rendered":"<p>[vc_row][vc_column][vc_column_text uncode_shortcode_id=&#8221;391259&#8243;]Wycieczka do Muzeum Powstania Warszawskiego odby\u0142a si\u0119 w dniu 6 czerwca 2022 r. W wycieczce opr\u00f3cz uczestnik\u00f3w projektu wzi\u0119li [&hellip;]<\/p>\n","protected":false},"author":1,"featured_media":0,"parent":0,"menu_order":0,"comment_status":"closed","ping_status":"closed","template":"","meta":{"footnotes":""},"class_list":["post-103988","page","type-page","status-publish","hentry"],"_links":{"self":[{"href":"https:\/\/trzynasty.pl\/index.php\/wp-json\/wp\/v2\/pages\/103988","targetHints":{"allow":["GET"]}}],"collection":[{"href":"https:\/\/trzynasty.pl\/index.php\/wp-json\/wp\/v2\/pages"}],"about":[{"href":"https:\/\/trzynasty.pl\/index.php\/wp-json\/wp\/v2\/types\/page"}],"author":[{"embeddable":true,"href":"https:\/\/trzynasty.pl\/index.php\/wp-json\/wp\/v2\/users\/1"}],"replies":[{"embeddable":true,"href":"https:\/\/trzynasty.pl\/index.php\/wp-json\/wp\/v2\/comments?post=103988"}],"version-history":[{"count":3,"href":"https:\/\/trzynasty.pl\/index.php\/wp-json\/wp\/v2\/pages\/103988\/revisions"}],"predecessor-version":[{"id":104088,"href":"https:\/\/trzynasty.pl\/index.php\/wp-json\/wp\/v2\/pages\/103988\/revisions\/104088"}],"wp:attachment":[{"href":"https:\/\/trzynasty.pl\/index.php\/wp-json\/wp\/v2\/media?parent=103988"}],"curies":[{"name":"wp","href":"https:\/\/api.w.org\/{rel}","templated":true}]}}