{"id":103825,"date":"2022-01-14T14:55:49","date_gmt":"2022-01-14T13:55:49","guid":{"rendered":"http:\/\/trzynasty.pl\/?page_id=103825"},"modified":"2023-01-17T10:44:26","modified_gmt":"2023-01-17T09:44:26","slug":"swieta-narodowe","status":"publish","type":"page","link":"https:\/\/trzynasty.pl\/index.php\/swieta-narodowe\/","title":{"rendered":"\u015aWI\u0118TA NARODOWE 2022"},"content":{"rendered":"<p>[vc_row][vc_column][vc_column_text uncode_shortcode_id=&#8221;566507&#8243;]<strong>NARODOWY DZIE\u0143 PAMI\u0118CI \u017bO\u0141NIERZY WYKL\u0118TYCH<\/strong><\/p>\n<p>1 marca w Narodowy Dzie\u0144 Pami\u0119ci \u017bo\u0142nierzy Wykl\u0119tych u\u0142ani i kadeci brali udzia\u0142 w wojew\u00f3dzkich obchodach \u015bwi\u0119ta. Uroczysto\u015bci rozpocz\u0119\u0142y si\u0119 uroczystym z\u0142o\u017ceniem kwiat\u00f3w pod pomnikiem AK, nast\u0119pnie delegacje uda\u0142y si\u0119 na cmentarz, na kielecki Piaski, aby tam pomodli\u0107 si\u0119 przy mogile zamordowanych \u017co\u0142nierzy walcz\u0105cych o Woln\u0105 Polsk\u0119. W tym roku po raz pierwszy Szwadron wystawi\u0142 wart\u0119 honorow\u0105 z\u0142o\u017con\u0105 wy\u0142\u0105cznie z nowo przyj\u0119tych i przeszkolonych kadet\u00f3w.[\/vc_column_text][vc_gallery el_id=&#8221;gallery-412644&#8243; gutter_size=&#8221;3&#8243; screen_lg=&#8221;1000&#8243; screen_md=&#8221;600&#8243; screen_sm=&#8221;480&#8243; single_overlay_opacity=&#8221;50&#8243; single_padding=&#8221;2&#8243; uncode_shortcode_id=&#8221;196405&#8243;][\/vc_column][\/vc_row][vc_row][vc_column][vc_column_text uncode_shortcode_id=&#8221;176996&#8243;]<strong>KIELECKIE OBCHODY 231. ROCZNICY KONSTYTUCJI 3 MAJA<\/strong><\/p>\n<p>3 maja up\u0142yn\u0105\u0142 kawalerzystom Kieleckiego Szwadronu Kawalerii im. 13. Puku U\u0142an\u00f3w Wile\u0144skich, niezwykle pracowicie. Spieszony pododdzia\u0142, w tym poczet sztandarowy wzi\u0105\u0142 udzia\u0142 w mszy \u015bwi\u0119tej, odprawionej w kieleckiej bazylice, a pododdzia\u0142 konny dumnie przedefilowa\u0142 ulicami miasta. Po mszy wszyscy kawalerzy\u015bci udali si\u0119 do parku miejskiego im. Stanis\u0142awa Staszica, gdzie wzi\u0119li czynny udzia\u0142 we wsp\u00f3\u0142organizowanym przez Kielecki Szwadron Pikniku &#8222;Vivat 3 Maj&#8221;, na cze\u015b\u0107 \u015bwi\u0119ta konstytucji.[\/vc_column_text][vc_gallery el_id=&#8221;gallery-412644&#8243; medias=&#8221;104002,104003,104004,104005,104006,104007,104008,104009,104010,104011,104012,104013,104014,104015,104016&#8243; gutter_size=&#8221;3&#8243; screen_lg=&#8221;1000&#8243; screen_md=&#8221;600&#8243; screen_sm=&#8221;480&#8243; single_overlay_opacity=&#8221;50&#8243; single_padding=&#8221;2&#8243; uncode_shortcode_id=&#8221;160250&#8243;][\/vc_column][\/vc_row][vc_row][vc_column][vc_column_text uncode_shortcode_id=&#8221;182958&#8243;]<strong>8 MAJA 2022 ROKU \u2013 OBCHODY NARODOWEGO DNIA ZWYCI\u0118STWA W STOLICY WOJEW\u00d3DZTWA \u015aWI\u0118TOKRZYSKIEGO<\/strong><\/p>\n<p>Na wojew\u00f3dzkich obchodach Narodowego Dnia Zwyci\u0119stwa, nie mog\u0142o zabrakn\u0105\u0107 kawalerzyst\u00f3w Kieleckiego Szwadronu Kawalerii im. 13. Pu\u0142ku U\u0142an\u00f3w Wile\u0144skich. Chusty w barwach 13 pu\u0142ku u\u0142an\u00f3w Wile\u0144skich \u201eimperiale rose\u201d dumnie zdobi\u0142y polowe mundury u\u0142an\u00f3w. Cho\u0107 \u015bwi\u0119to ma na celu upami\u0119tnienie zwyci\u0119stwa nad si\u0142ami z\u0142a, wszyscy my\u015blami byli z tymi, kt\u00f3rzy musz\u0105 teraz walczy\u0107 o swoj\u0105 ojczyzn\u0119. Oby kolejne obchody 8 maja by\u0142y mniej naznaczone refleksj\u0105.[\/vc_column_text][vc_gallery el_id=&#8221;gallery-412644&#8243; medias=&#8221;104017,104018,104019,104020,104021,104022,104023&#8243; gutter_size=&#8221;3&#8243; screen_lg=&#8221;1000&#8243; screen_md=&#8221;600&#8243; screen_sm=&#8221;480&#8243; single_overlay_opacity=&#8221;50&#8243; single_padding=&#8221;2&#8243; uncode_shortcode_id=&#8221;262004&#8243;][\/vc_column][\/vc_row][vc_row][vc_column][vc_column_text uncode_shortcode_id=&#8221;177359&#8243;]<strong>78. ROCZNICA WYBUCHU POWSTANIA WARSZAWSKIEGO<\/strong><\/p>\n<p>1 sierpnia w 78. rocznic\u0119 wybuchu Powstania Warszawskiego, kadeci Kieleckiego Ochotniczego Szwadronu Kawalerii im. 13 Pu\u0142ku U\u0142an\u00f3w Wile\u0144skich w ramach projektu \u201eU\u0142ani werbuj\u0105\u201d finansowanego przez Narodowy Instytut Wolno\u015bci &#8211; Centrum Rozwoju Spo\u0142ecze\u0144stwa Obywatelskiego ze \u015brodk\u00f3w Programu Rozwoju Organizacji Obywatelskich na lata 2018 \u2013 2030 wzi\u0119li czynny udzia\u0142 w happeningu \u201eWspomnienie Sierpniowych Dni\u201d w Staszowie. Kadeci wcielili si\u0119 w Powsta\u0144c\u00f3w Warszawskich oraz pe\u0142nili wart\u0119 przy pomniku Polskiego Pa\u0144stwa Podziemnego.[\/vc_column_text][vc_gallery el_id=&#8221;gallery-412644&#8243; medias=&#8221;104026,104027,104028,104029,104030&#8243; gutter_size=&#8221;3&#8243; screen_lg=&#8221;1000&#8243; screen_md=&#8221;600&#8243; screen_sm=&#8221;480&#8243; single_overlay_opacity=&#8221;50&#8243; single_padding=&#8221;2&#8243; uncode_shortcode_id=&#8221;150134&#8243;][\/vc_column][\/vc_row][vc_row][vc_column][vc_column_text uncode_shortcode_id=&#8221;224181&#8243;]<strong>KIELECKIE OBCHODY 104. ROCZNICY ODZYSKANIA NIEPODLEG\u0141O\u015aCI<\/strong><\/p>\n<p>Tradycyjnie ju\u017c &#8211; Msz\u0105 \u015bwi\u0119ta w kieleckiej Katedrze rozpocz\u0119\u0142a uroczyste obchody 104. rocznicy Odzyskania Niepodleg\u0142o\u015bci. Uczestnicy przeszli nast\u0119pnie na Plac Wolno\u015bci gdzie pod pomnikiem Marsza\u0142ka J\u00f3zefa Pi\u0142sudskiego po od\u015bpiewaniu hymnu pa\u0144stwowego, przeprowadzona zosta\u0142a uroczysta odprawa wart przed pomnikiem J\u00f3zefa Pi\u0142sudskiego, gdzie \u2013 na posterunku honorowym, w\u015br\u00f3d \u017co\u0142nierzy, harcerzy, uczni\u00f3w klas mundurowych stan\u0119li tak\u017ce kadeci Kieleckiego Szwadronu Kawalerii. Po odczytaniu Apelu Pami\u0119ci nast\u0105pi\u0142a salwa honorowa, po czym weterani walk w asy\u015bcie harcerzy zapalili znicze symbolizuj\u0105ce \u0142\u0105czno\u015b\u0107 pokole\u0144. Przedstawiciele w\u0142adz regionalnych oraz instytucji samorz\u0105dowych i stowarzysze\u0144 z\u0142o\u017cyli wie\u0144ce. Uroczysto\u015b\u0107 pod pomnikiem zako\u0144czy\u0142a defilada pododdzia\u0142\u00f3w oraz pokaz musztry paradnej Kompani Reprezentacyjnej Niepublicznego Technikum Zawodowego ZDZ w Kielcach oraz M\u0142odzie\u017cowej Orkiestry D\u0119tej OSP z Krasocina.[\/vc_column_text][vc_gallery el_id=&#8221;gallery-412644&#8243; medias=&#8221;104031,104032,104033,104034,104035,104036,104037,104038,104039&#8243; gutter_size=&#8221;3&#8243; screen_lg=&#8221;1000&#8243; screen_md=&#8221;600&#8243; screen_sm=&#8221;480&#8243; single_overlay_opacity=&#8221;50&#8243; single_padding=&#8221;2&#8243; uncode_shortcode_id=&#8221;729506&#8243;][\/vc_column][\/vc_row]<\/p>\n","protected":false},"excerpt":{"rendered":"<p>[vc_row][vc_column][vc_column_text uncode_shortcode_id=&#8221;566507&#8243;]NARODOWY DZIE\u0143 PAMI\u0118CI \u017bO\u0141NIERZY WYKL\u0118TYCH 1 marca w Narodowy Dzie\u0144 Pami\u0119ci \u017bo\u0142nierzy Wykl\u0119tych u\u0142ani i kadeci brali udzia\u0142 w [&hellip;]<\/p>\n","protected":false},"author":1,"featured_media":0,"parent":0,"menu_order":0,"comment_status":"closed","ping_status":"closed","template":"","meta":{"footnotes":""},"class_list":["post-103825","page","type-page","status-publish","hentry"],"_links":{"self":[{"href":"https:\/\/trzynasty.pl\/index.php\/wp-json\/wp\/v2\/pages\/103825","targetHints":{"allow":["GET"]}}],"collection":[{"href":"https:\/\/trzynasty.pl\/index.php\/wp-json\/wp\/v2\/pages"}],"about":[{"href":"https:\/\/trzynasty.pl\/index.php\/wp-json\/wp\/v2\/types\/page"}],"author":[{"embeddable":true,"href":"https:\/\/trzynasty.pl\/index.php\/wp-json\/wp\/v2\/users\/1"}],"replies":[{"embeddable":true,"href":"https:\/\/trzynasty.pl\/index.php\/wp-json\/wp\/v2\/comments?post=103825"}],"version-history":[{"count":7,"href":"https:\/\/trzynasty.pl\/index.php\/wp-json\/wp\/v2\/pages\/103825\/revisions"}],"predecessor-version":[{"id":104024,"href":"https:\/\/trzynasty.pl\/index.php\/wp-json\/wp\/v2\/pages\/103825\/revisions\/104024"}],"wp:attachment":[{"href":"https:\/\/trzynasty.pl\/index.php\/wp-json\/wp\/v2\/media?parent=103825"}],"curies":[{"name":"wp","href":"https:\/\/api.w.org\/{rel}","templated":true}]}}